{"id":191,"date":"2016-12-30T13:52:17","date_gmt":"2016-12-30T12:52:17","guid":{"rendered":"http:\/\/neu.hergersweiler.de\/?page_id=191"},"modified":"2017-01-05T12:13:55","modified_gmt":"2017-01-05T11:13:55","slug":"festakt","status":"publish","type":"page","link":"https:\/\/hergersweiler.de\/?page_id=191","title":{"rendered":"Festakt"},"content":{"rendered":"<p><div id=\"grid-gallery-14-36052\" data-gg-id=\"14\" data-title=\"700 Jahre Festakt\" data-grid-type=\"0\" data-offset=\"5.3\" data-area-position=\"center\" data-icons=\"\" data-preloader=\"true\" data-width=\"215\" data-height=\"215\" data-padding=\"0\" data-quicksand=\"disabled\" data-quicksand-duration=\"none\" data-popup-theme=\"theme_6\" data-popup-type=\"pretty-photo\" data-popup-image-text=\"data-description\" data-popup-widthsize=\"auto\" data-popup-heightsize=\"auto\" data-popup-i18n-words=\"{&quot;close&quot;:&quot;schlie\\u00dfen&quot;,&quot;next&quot;:&quot;n\\u00e4chste&quot;,&quot;previous&quot;:&quot;vorherige&quot;,&quot;start_slideshow&quot;:&quot;Starte Slideshow&quot;,&quot;stop_slideshow&quot;:&quot;Stoppe Slideshow&quot;,&quot;image&quot;:&quot;Bild&quot;,&quot;of&quot;:&quot;von&quot;,&quot;prev&quot;:&quot;vorherige&quot;,&quot;cExpand&quot;:&quot;Erweitere&quot;,&quot;cPrevious&quot;:&quot;Vorheriges&quot;,&quot;cNext&quot;:&quot;N\\u00e4chstes&quot;,&quot;cExpandStr&quot;:&quot;Erweitere Bild&quot;,&quot;cRotate&quot;:&quot;Rotate&quot;,&quot;cDetails&quot;:&quot;Details&quot;}\" data-popup-slideshow=\"true\" data-popup-slideshow-speed=\"2500\" data-popup-hoverstop=\"true\" data-popup-slideshow-auto=\"true\" data-popup-background=\"\" data-popup-transparency=\"30\" data-popup-disable-history=\"\" data-popup-disable-changed-url=\"\" data-popup-border-type=\"\" data-popup-border-color=\"\" data-popup-border-width=\"\" data-popup-border-enable=\"\" data-fullscreen=\"false\" data-hide-tooltip=\"true\" data-caption-font-family=\"Default\" data-caption-text-size=\"140\" data-is-mobile=\"0\" data-caption-mobile=\"false\" data-hide-long-tltp-title=\"0\" data-caption-disabled-on-mobile=\"false\" data-popup-placement-type=\"0\" data-social-sharing=\"{&quot;enabled&quot;:&quot;&quot;,&quot;gallerySharing&quot;:{&quot;enabled&quot;:null,&quot;position&quot;:null},&quot;imageSharing&quot;:{&quot;enabled&quot;:null,&quot;wrapperClass&quot;:&quot; vertical &quot;},&quot;popupSharing&quot;:{&quot;enabled&quot;:null,&quot;wrapperClass&quot;:&quot; vertical &quot;}}\" class=\"grid-gallery grid-gallery-fixed \" style=\" width:100%; height:auto; margin-left:auto; margin-right:auto;position:relative;\"> <div class=\"gallery-loading\"> <div class=\"blocks\"> <div class=\"block\"><\/div> <div class=\"block\"><\/div> <div class=\"block\"><\/div> <div class=\"block\"><\/div> <\/div> <\/div> <div class=\"gallery-sharing-top\" style=\"display:none;\"> <\/div> <div id=\"photos-14\" class=\"grid-gallery-photos\"><FIGURE class=\"grid-gallery-caption\" data-grid-gallery-type=\"quarter-slide-up\" data-index=\"0\" style=\"display:none;border-radius:00;; margin:5.3px; width:2150;\" ><div class=\"crop\" style=\" width:2150; height:2150; overflow:hidden;\"><img decoding=\"async\" src=\"https:\/\/hergersweiler.de\/wp-content\/uploads\/2017\/01\/bild_big_band-215x215.jpg\" class=\"ggImg\" alt=\"bild_big_band\" title=\"bild_big_band\" data-description=\"bild_big_band\" data-caption=\"Die Big Band der Kooperativen Gesamtschule er\u00f6ffnet den Festakt\" data-title=\"bild_big_band\" style=\" width:215px; height:215px;\" \/><\/div><FIGCAPTION class=\"\" data-alpha=\"5\" style=\"color:#ffffff; background-color:#6f0000; font-size:140; text-align:left; font-family:Default;\" ><div class=\"grid-gallery-figcaption-wrap\" style=\"\"><\/div><\/FIGCAPTION><\/FIGURE><FIGURE class=\"grid-gallery-caption\" data-grid-gallery-type=\"quarter-slide-up\" data-index=\"1\" style=\"display:none;border-radius:00;; margin:5.3px; width:2150;\" ><div class=\"crop\" style=\" width:2150; height:2150; overflow:hidden;\"><img decoding=\"async\" src=\"https:\/\/hergersweiler.de\/wp-content\/uploads\/2017\/01\/bild_zelt-215x215.jpg\" class=\"ggImg\" alt=\"bild_zelt\" title=\"bild_zelt\" data-description=\"bild_zelt\" data-caption=\"Blick ins vollbesetzte Festzelt\" data-title=\"bild_zelt\" style=\" width:215px; height:215px;\" \/><\/div><FIGCAPTION class=\"\" data-alpha=\"5\" style=\"color:#ffffff; background-color:#6f0000; font-size:140; text-align:left; font-family:Default;\" ><div class=\"grid-gallery-figcaption-wrap\" style=\"\"><\/div><\/FIGCAPTION><\/FIGURE><FIGURE class=\"grid-gallery-caption\" data-grid-gallery-type=\"quarter-slide-up\" data-index=\"2\" style=\"display:none;border-radius:00;; margin:5.3px; width:2150;\" ><div class=\"crop\" style=\" width:2150; height:2150; overflow:hidden;\"><img decoding=\"async\" src=\"https:\/\/hergersweiler.de\/wp-content\/uploads\/2017\/01\/bild_Kinder-215x215.jpg\" class=\"ggImg\" alt=\"bild_Kinder\" title=\"bild_Kinder\" data-description=\"bild_Kinder\" data-caption=\"Der Kinderchor aus Hergersweiler gratuliert mit einem Lied zum Jubil\u00e4um\" data-title=\"bild_Kinder\" style=\" width:215px; height:215px;\" \/><\/div><FIGCAPTION class=\"\" data-alpha=\"5\" style=\"color:#ffffff; background-color:#6f0000; font-size:140; text-align:left; font-family:Default;\" ><div class=\"grid-gallery-figcaption-wrap\" style=\"\"><\/div><\/FIGCAPTION><\/FIGURE><FIGURE class=\"grid-gallery-caption\" data-grid-gallery-type=\"quarter-slide-up\" data-index=\"3\" style=\"display:none;border-radius:00;; margin:5.3px; width:2150;\" ><div class=\"crop\" style=\" width:2150; height:2150; overflow:hidden;\"><img decoding=\"async\" src=\"https:\/\/hergersweiler.de\/wp-content\/uploads\/2017\/01\/bild_egon-215x215.jpg\" class=\"ggImg\" alt=\"bild_egon\" title=\"bild_egon\" data-description=\"bild_egon\" data-caption=\"Er\u00f6ffnung durch B\u00fcrgermeister Egon Hechler\" data-title=\"bild_egon\" style=\" width:215px; height:215px;\" \/><\/div><FIGCAPTION class=\"\" data-alpha=\"5\" style=\"color:#ffffff; background-color:#6f0000; font-size:140; text-align:left; font-family:Default;\" ><div class=\"grid-gallery-figcaption-wrap\" style=\"\"><\/div><\/FIGCAPTION><\/FIGURE><FIGURE class=\"grid-gallery-caption\" data-grid-gallery-type=\"quarter-slide-up\" data-index=\"4\" style=\"display:none;border-radius:00;; margin:5.3px; width:2150;\" ><div class=\"crop\" style=\" width:2150; height:2150; overflow:hidden;\"><img decoding=\"async\" src=\"https:\/\/hergersweiler.de\/wp-content\/uploads\/2017\/01\/bild_riedm-215x215.jpg\" class=\"ggImg\" alt=\"bild_riedm\" title=\"bild_riedm\" data-description=\"bild_riedm\" data-caption=\"Gru\u00dfworte durch Landr\u00e4tin Theresia Riedmaier\" data-title=\"bild_riedm\" style=\" width:215px; height:215px;\" \/><\/div><FIGCAPTION class=\"\" data-alpha=\"5\" style=\"color:#ffffff; background-color:#6f0000; font-size:140; text-align:left; font-family:Default;\" ><div class=\"grid-gallery-figcaption-wrap\" style=\"\"><\/div><\/FIGCAPTION><\/FIGURE><FIGURE class=\"grid-gallery-caption\" data-grid-gallery-type=\"quarter-slide-up\" data-index=\"5\" style=\"display:none;border-radius:00;; margin:5.3px; width:2150;\" ><div class=\"crop\" style=\" width:2150; height:2150; overflow:hidden;\"><img decoding=\"async\" src=\"https:\/\/hergersweiler.de\/wp-content\/uploads\/2017\/01\/bild_bohrer-215x215.jpg\" class=\"ggImg\" alt=\"bild_bohrer\" title=\"bild_bohrer\" data-description=\"bild_bohrer\" data-caption=\"Gru\u00dfworte durch Verbandsb\u00fcrgermeister Hermann Bohrer\" data-title=\"bild_bohrer\" style=\" width:215px; height:215px;\" \/><\/div><FIGCAPTION class=\"\" data-alpha=\"5\" style=\"color:#ffffff; background-color:#6f0000; font-size:140; text-align:left; font-family:Default;\" ><div class=\"grid-gallery-figcaption-wrap\" style=\"\"><\/div><\/FIGCAPTION><\/FIGURE><FIGURE class=\"grid-gallery-caption\" data-grid-gallery-type=\"quarter-slide-up\" data-index=\"6\" style=\"display:none;border-radius:00;; margin:5.3px; width:2150;\" ><div class=\"crop\" style=\" width:2150; height:2150; overflow:hidden;\"><img decoding=\"async\" src=\"https:\/\/hergersweiler.de\/wp-content\/uploads\/2017\/01\/bild_detlef-215x215.jpg\" class=\"ggImg\" alt=\"bild_detlef\" title=\"bild_detlef\" data-description=\"bild_detlef\" data-caption=\"B\u00fcrgermeister Weis aus der Partnergemeinde Vesser \u00fcberreicht ein Geschenk\" data-title=\"bild_detlef\" style=\" width:215px; height:215px;\" \/><\/div><FIGCAPTION class=\"\" data-alpha=\"5\" style=\"color:#ffffff; background-color:#6f0000; font-size:140; text-align:left; font-family:Default;\" ><div class=\"grid-gallery-figcaption-wrap\" style=\"\"><\/div><\/FIGCAPTION><\/FIGURE><FIGURE class=\"grid-gallery-caption\" data-grid-gallery-type=\"quarter-slide-up\" data-index=\"7\" style=\"display:none;border-radius:00;; margin:5.3px; width:2150;\" ><div class=\"crop\" style=\" width:2150; height:2150; overflow:hidden;\"><img decoding=\"async\" src=\"https:\/\/hergersweiler.de\/wp-content\/uploads\/2017\/01\/bild_bert-215x215.jpg\" class=\"ggImg\" alt=\"bild_bert\" title=\"bild_bert\" data-description=\"bild_bert\" data-caption=\"B\u00fcrgermeister Pierre Bertrand aus Wissembourg B\u00fcrgermeister Pierre Bertrand aus Wissembourg \u00fcberreicht ein Geschenk an B\u00fcrgermeister Egon Hechle\" data-title=\"bild_bert\" style=\" width:215px; height:215px;\" \/><\/div><FIGCAPTION class=\"\" data-alpha=\"5\" style=\"color:#ffffff; background-color:#6f0000; font-size:140; text-align:left; font-family:Default;\" ><div class=\"grid-gallery-figcaption-wrap\" style=\"\"><\/div><\/FIGCAPTION><\/FIGURE><FIGURE class=\"grid-gallery-caption\" data-grid-gallery-type=\"quarter-slide-up\" data-index=\"8\" style=\"display:none;border-radius:00;; margin:5.3px; width:2150;\" ><div class=\"crop\" style=\" width:2150; height:2150; overflow:hidden;\"><img decoding=\"async\" src=\"https:\/\/hergersweiler.de\/wp-content\/uploads\/2017\/01\/bild_schmitt-215x215.jpg\" class=\"ggImg\" alt=\"bild_schmitt\" title=\"bild_schmitt\" data-description=\"bild_schmitt\" data-caption=\"Gru\u00dfworte durch die Pf\u00e4lzer Weink\u00f6nigin Anke Schmitt\" data-title=\"bild_schmitt\" style=\" width:215px; height:215px;\" \/><\/div><FIGCAPTION class=\"\" data-alpha=\"5\" style=\"color:#ffffff; background-color:#6f0000; font-size:140; text-align:left; font-family:Default;\" ><div class=\"grid-gallery-figcaption-wrap\" style=\"\"><\/div><\/FIGCAPTION><\/FIGURE><FIGURE class=\"grid-gallery-caption\" data-grid-gallery-type=\"quarter-slide-up\" data-index=\"9\" style=\"display:none;border-radius:00;; margin:5.3px; width:2150;\" ><div class=\"crop\" style=\" width:2150; height:2150; overflow:hidden;\"><img decoding=\"async\" src=\"https:\/\/hergersweiler.de\/wp-content\/uploads\/2017\/01\/bild_kirch-215x215.jpg\" class=\"ggImg\" alt=\"bild_kirch\" title=\"bild_kirch\" data-description=\"bild_kirch\" data-caption=\"Kirchenchor Winden-Hergersweiler\" data-title=\"bild_kirch\" style=\" width:215px; height:215px;\" \/><\/div><FIGCAPTION class=\"\" data-alpha=\"5\" style=\"color:#ffffff; background-color:#6f0000; font-size:140; text-align:left; font-family:Default;\" ><div class=\"grid-gallery-figcaption-wrap\" style=\"\"><\/div><\/FIGCAPTION><\/FIGURE><FIGURE class=\"grid-gallery-caption\" data-grid-gallery-type=\"quarter-slide-up\" data-index=\"10\" style=\"display:none;border-radius:00;; margin:5.3px; width:2150;\" ><div class=\"crop\" style=\" width:2150; height:2150; overflow:hidden;\"><img decoding=\"async\" src=\"https:\/\/hergersweiler.de\/wp-content\/uploads\/2017\/01\/bild_janke-215x215.jpg\" class=\"ggImg\" alt=\"bild_janke\" title=\"bild_janke\" data-description=\"bild_janke\" data-caption=\"Gru\u00dfworte durch Pfarrer Volker Janke\" data-title=\"bild_janke\" style=\" width:215px; height:215px;\" \/><\/div><FIGCAPTION class=\"\" data-alpha=\"5\" style=\"color:#ffffff; background-color:#6f0000; font-size:140; text-align:left; font-family:Default;\" ><div class=\"grid-gallery-figcaption-wrap\" style=\"\"><\/div><\/FIGCAPTION><\/FIGURE><FIGURE class=\"grid-gallery-caption\" data-grid-gallery-type=\"quarter-slide-up\" data-index=\"11\" style=\"display:none;border-radius:00;; margin:5.3px; width:2150;\" ><div class=\"crop\" style=\" width:2150; height:2150; overflow:hidden;\"><img decoding=\"async\" src=\"https:\/\/hergersweiler.de\/wp-content\/uploads\/2017\/01\/bild_zoellner-215x215.jpg\" class=\"ggImg\" alt=\"bild_zoellner\" title=\"bild_zoellner\" data-description=\"bild_zoellner\" data-caption=\"Festrede durch Prof. Dr. J\u00fcrgen Z\u00f6llner, Minister f\u00fcr Bildung, Wissenschaft und Weiterbildung\" data-title=\"bild_zoellner\" style=\" width:215px; height:215px;\" \/><\/div><FIGCAPTION class=\"\" data-alpha=\"5\" style=\"color:#ffffff; background-color:#6f0000; font-size:140; text-align:left; font-family:Default;\" ><div class=\"grid-gallery-figcaption-wrap\" style=\"\"><\/div><\/FIGCAPTION><\/FIGURE><FIGURE class=\"grid-gallery-caption\" data-grid-gallery-type=\"quarter-slide-up\" data-index=\"12\" style=\"display:none;border-radius:00;; margin:5.3px; width:2150;\" ><div class=\"crop\" style=\" width:2150; height:2150; overflow:hidden;\"><img decoding=\"async\" src=\"https:\/\/hergersweiler.de\/wp-content\/uploads\/2017\/01\/bild_kato-215x215.jpg\" class=\"ggImg\" alt=\"bild_kato\" title=\"bild_kato\" data-description=\"bild_kato\" data-caption=\"Gru\u00dfworte durch Pfarrer Bernhard Schaffrinski\" data-title=\"bild_kato\" style=\" width:215px; height:215px;\" \/><\/div><FIGCAPTION class=\"\" data-alpha=\"5\" style=\"color:#ffffff; background-color:#6f0000; font-size:140; text-align:left; font-family:Default;\" ><div class=\"grid-gallery-figcaption-wrap\" style=\"\"><\/div><\/FIGCAPTION><\/FIGURE><FIGURE class=\"grid-gallery-caption\" data-grid-gallery-type=\"quarter-slide-up\" data-index=\"13\" style=\"display:none;border-radius:00;; margin:5.3px; width:2150;\" ><div class=\"crop\" style=\" width:2150; height:2150; overflow:hidden;\"><img decoding=\"async\" src=\"https:\/\/hergersweiler.de\/wp-content\/uploads\/2017\/01\/bild_theater-215x215.jpg\" class=\"ggImg\" alt=\"bild_theater\" title=\"bild_theater\" data-description=\"bild_theater\" data-caption=\"Theaterst\u00fcck zur urkundlichen Ersterw\u00e4hnung von Hergersweiler (Wilre)\" data-title=\"bild_theater\" style=\" width:215px; height:215px;\" \/><\/div><FIGCAPTION class=\"\" data-alpha=\"5\" style=\"color:#ffffff; background-color:#6f0000; font-size:140; text-align:left; font-family:Default;\" ><div class=\"grid-gallery-figcaption-wrap\" style=\"\"><\/div><\/FIGCAPTION><\/FIGURE><FIGURE class=\"grid-gallery-caption\" data-grid-gallery-type=\"quarter-slide-up\" data-index=\"14\" style=\"display:none;border-radius:00;; margin:5.3px; width:2150;\" ><div class=\"crop\" style=\" width:2150; height:2150; overflow:hidden;\"><img decoding=\"async\" src=\"https:\/\/hergersweiler.de\/wp-content\/uploads\/2017\/01\/bild_pfanh-215x215.jpg\" class=\"ggImg\" alt=\"bild_pfanh\" title=\"bild_pfanh\" data-description=\"bild_pfanh\" data-caption=\"Vorstellung der Chronik durch die Autorin Gertrud Pfannhuber\" data-title=\"bild_pfanh\" style=\" width:215px; height:215px;\" \/><\/div><FIGCAPTION class=\"\" data-alpha=\"5\" style=\"color:#ffffff; background-color:#6f0000; font-size:140; text-align:left; font-family:Default;\" ><div class=\"grid-gallery-figcaption-wrap\" style=\"\"><\/div><\/FIGCAPTION><\/FIGURE><FIGURE class=\"grid-gallery-caption\" data-grid-gallery-type=\"quarter-slide-up\" data-index=\"15\" style=\"display:none;border-radius:00;; margin:5.3px; width:2150;\" ><div class=\"crop\" style=\" width:2150; height:2150; overflow:hidden;\"><img decoding=\"async\" src=\"https:\/\/hergersweiler.de\/wp-content\/uploads\/2017\/01\/bild_dieter-215x215.jpg\" class=\"ggImg\" alt=\"bild_dieter\" title=\"bild_dieter\" data-description=\"bild_dieter\" data-caption=\"Layout-Designer der Chronik, Dieter Rosskamp\" data-title=\"bild_dieter\" style=\" width:215px; height:215px;\" \/><\/div><FIGCAPTION class=\"\" data-alpha=\"5\" style=\"color:#ffffff; background-color:#6f0000; font-size:140; text-align:left; font-family:Default;\" ><div class=\"grid-gallery-figcaption-wrap\" style=\"\"><\/div><\/FIGCAPTION><\/FIGURE><FIGURE class=\"grid-gallery-caption\" data-grid-gallery-type=\"quarter-slide-up\" data-index=\"16\" style=\"display:none;border-radius:00;; margin:5.3px; width:2150;\" ><div class=\"crop\" style=\" width:2150; height:2150; overflow:hidden;\"><img decoding=\"async\" src=\"https:\/\/hergersweiler.de\/wp-content\/uploads\/2017\/01\/bild_mgv-215x215.jpg\" class=\"ggImg\" alt=\"bild_mgv\" title=\"bild_mgv\" data-description=\"bild_mgv\" data-caption=\"M\u00e4nnergesangverein Winden\" data-title=\"bild_mgv\" style=\" width:215px; height:215px;\" \/><\/div><FIGCAPTION class=\"\" data-alpha=\"5\" style=\"color:#ffffff; background-color:#6f0000; font-size:140; text-align:left; font-family:Default;\" ><div class=\"grid-gallery-figcaption-wrap\" style=\"\"><\/div><\/FIGCAPTION><\/FIGURE><FIGURE class=\"grid-gallery-caption\" data-grid-gallery-type=\"quarter-slide-up\" data-index=\"17\" style=\"display:none;border-radius:00;; margin:5.3px; width:2150;\" ><div class=\"crop\" style=\" width:2150; height:2150; overflow:hidden;\"><img decoding=\"async\" src=\"https:\/\/hergersweiler.de\/wp-content\/uploads\/2017\/01\/bild_gruppe-215x215.jpg\" class=\"ggImg\" alt=\"bild_gruppe\" title=\"bild_gruppe\" data-description=\"bild_gruppe\" data-caption=\"Frau Pfannhuber, Herr Hechler, Frau Riedmaier, Herr Z\u00f6llner, Herr Bohre\" data-title=\"bild_gruppe\" style=\" width:215px; height:215px;\" \/><\/div><FIGCAPTION class=\"\" data-alpha=\"5\" style=\"color:#ffffff; background-color:#6f0000; font-size:140; text-align:left; font-family:Default;\" ><div class=\"grid-gallery-figcaption-wrap\" style=\"\"><\/div><\/FIGCAPTION><\/FIGURE><FIGURE class=\"grid-gallery-caption\" data-grid-gallery-type=\"quarter-slide-up\" data-index=\"18\" style=\"display:none;border-radius:00;; margin:5.3px; width:2150;\" ><div class=\"crop\" style=\" width:2150; height:2150; overflow:hidden;\"><img decoding=\"async\" src=\"https:\/\/hergersweiler.de\/wp-content\/uploads\/2017\/01\/bild_buf2-215x215.jpg\" class=\"ggImg\" alt=\"bild_buf2\" title=\"bild_buf2\" data-description=\"bild_buf2\" data-caption=\"Jubil\u00e4umsb\u00fcffet\" data-title=\"bild_buf2\" style=\" width:215px; height:215px;\" \/><\/div><FIGCAPTION class=\"\" data-alpha=\"5\" style=\"color:#ffffff; background-color:#6f0000; font-size:140; text-align:left; font-family:Default;\" ><div class=\"grid-gallery-figcaption-wrap\" style=\"\"><\/div><\/FIGCAPTION><\/FIGURE><FIGURE class=\"grid-gallery-caption\" data-grid-gallery-type=\"quarter-slide-up\" data-index=\"19\" style=\"display:none;border-radius:00;; margin:5.3px; width:2150;\" ><div class=\"crop\" style=\" width:2150; height:2150; overflow:hidden;\"><img decoding=\"async\" src=\"https:\/\/hergersweiler.de\/wp-content\/uploads\/2017\/01\/bild_buf1-215x215.jpg\" class=\"ggImg\" alt=\"bild_buf1\" title=\"bild_buf1\" data-description=\"bild_buf1\" data-caption=\"Jubil\u00e4umsb\u00fcffet\" data-title=\"bild_buf1\" style=\" width:215px; height:215px;\" \/><\/div><FIGCAPTION class=\"\" data-alpha=\"5\" style=\"color:#ffffff; background-color:#6f0000; font-size:140; text-align:left; font-family:Default;\" ><div class=\"grid-gallery-figcaption-wrap\" style=\"\"><\/div><\/FIGCAPTION><\/FIGURE> <div class=\"grid-gallery-clearfix\"><\/div> <\/div> <div class=\"gallery-sharing-bottom\" style=\"display:none;\"> <\/div> <div class=\"gallery-sharing-image\" style=\"display:none;\"> <\/div> <div class=\"gallery-sharing-popup\" style=\"display:none;\"> <\/div> <div class=\"grid-gallery-clearfix\"><\/div> <\/div> <!-- Gallery by Supsystic plugin1.15.33 --><a title=\"Gallery Wordpress\" style=\"display:none;\" href=\"https:\/\/supsystic.com\/plugins\/photo-gallery\/?utm_medium=love_link\" target=\"_blank\">Gallery Wordpress<\/a><br \/>\n&nbsp;<br \/>\n&nbsp;<\/p>\n","protected":false},"excerpt":{"rendered":"<p>&nbsp; &nbsp;<\/p>\n<p> <a class=\"continue-reading-link\" href=\"https:\/\/hergersweiler.de\/?page_id=191\"><span>Continue reading<\/span><i class=\"crycon-right-dir\"><\/i><\/a> <\/p>\n","protected":false},"author":1,"featured_media":0,"parent":189,"menu_order":1,"comment_status":"closed","ping_status":"closed","template":"","meta":{"ngg_post_thumbnail":0,"_mc_calendar":[],"footnotes":""},"class_list":["post-191","page","type-page","status-publish","hentry"],"yoast_head":"<!-- This site is optimized with the Yoast SEO plugin v27.5 - https:\/\/yoast.com\/product\/yoast-seo-wordpress\/ -->\n<title>Festakt - Gemeinde Hergersweiler<\/title>\n<meta name=\"robots\" content=\"index, follow, max-snippet:-1, max-image-preview:large, max-video-preview:-1\" \/>\n<link rel=\"canonical\" href=\"https:\/\/hergersweiler.de\/?page_id=191\" \/>\n<meta property=\"og:locale\" content=\"de_DE\" \/>\n<meta property=\"og:type\" content=\"article\" \/>\n<meta property=\"og:title\" content=\"Festakt - Gemeinde Hergersweiler\" \/>\n<meta property=\"og:description\" content=\"&nbsp; &nbsp; Continue reading\" \/>\n<meta property=\"og:url\" content=\"https:\/\/hergersweiler.de\/?page_id=191\" \/>\n<meta property=\"og:site_name\" content=\"Gemeinde Hergersweiler\" \/>\n<meta property=\"article:modified_time\" content=\"2017-01-05T11:13:55+00:00\" \/>\n<meta name=\"twitter:card\" content=\"summary_large_image\" \/>\n<meta name=\"twitter:site\" content=\"@hergersweiler2\" \/>\n<script type=\"application\/ld+json\" class=\"yoast-schema-graph\">{\"@context\":\"https:\\\/\\\/schema.org\",\"@graph\":[{\"@type\":\"WebPage\",\"@id\":\"https:\\\/\\\/hergersweiler.de\\\/?page_id=191\",\"url\":\"https:\\\/\\\/hergersweiler.de\\\/?page_id=191\",\"name\":\"Festakt - Gemeinde Hergersweiler\",\"isPartOf\":{\"@id\":\"https:\\\/\\\/hergersweiler.de\\\/#website\"},\"datePublished\":\"2016-12-30T12:52:17+00:00\",\"dateModified\":\"2017-01-05T11:13:55+00:00\",\"breadcrumb\":{\"@id\":\"https:\\\/\\\/hergersweiler.de\\\/?page_id=191#breadcrumb\"},\"inLanguage\":\"de\",\"potentialAction\":[{\"@type\":\"ReadAction\",\"target\":[\"https:\\\/\\\/hergersweiler.de\\\/?page_id=191\"]}]},{\"@type\":\"BreadcrumbList\",\"@id\":\"https:\\\/\\\/hergersweiler.de\\\/?page_id=191#breadcrumb\",\"itemListElement\":[{\"@type\":\"ListItem\",\"position\":1,\"name\":\"Startseite\",\"item\":\"https:\\\/\\\/hergersweiler.de\\\/\"},{\"@type\":\"ListItem\",\"position\":2,\"name\":\"B\u00fcrger &#038; Service\",\"item\":\"https:\\\/\\\/hergersweiler.de\\\/?page_id=37\"},{\"@type\":\"ListItem\",\"position\":3,\"name\":\"Historisches\",\"item\":\"https:\\\/\\\/hergersweiler.de\\\/?page_id=187\"},{\"@type\":\"ListItem\",\"position\":4,\"name\":\"700 Jahre\",\"item\":\"https:\\\/\\\/hergersweiler.de\\\/?page_id=189\"},{\"@type\":\"ListItem\",\"position\":5,\"name\":\"Festakt\"}]},{\"@type\":\"WebSite\",\"@id\":\"https:\\\/\\\/hergersweiler.de\\\/#website\",\"url\":\"https:\\\/\\\/hergersweiler.de\\\/\",\"name\":\"Gemeinde Hergersweiler\",\"description\":\"\",\"potentialAction\":[{\"@type\":\"SearchAction\",\"target\":{\"@type\":\"EntryPoint\",\"urlTemplate\":\"https:\\\/\\\/hergersweiler.de\\\/?s={search_term_string}\"},\"query-input\":{\"@type\":\"PropertyValueSpecification\",\"valueRequired\":true,\"valueName\":\"search_term_string\"}}],\"inLanguage\":\"de\"}]}<\/script>\n<!-- \/ Yoast SEO plugin. -->","yoast_head_json":{"title":"Festakt - Gemeinde Hergersweiler","robots":{"index":"index","follow":"follow","max-snippet":"max-snippet:-1","max-image-preview":"max-image-preview:large","max-video-preview":"max-video-preview:-1"},"canonical":"https:\/\/hergersweiler.de\/?page_id=191","og_locale":"de_DE","og_type":"article","og_title":"Festakt - Gemeinde Hergersweiler","og_description":"&nbsp; &nbsp; Continue reading","og_url":"https:\/\/hergersweiler.de\/?page_id=191","og_site_name":"Gemeinde Hergersweiler","article_modified_time":"2017-01-05T11:13:55+00:00","twitter_card":"summary_large_image","twitter_site":"@hergersweiler2","schema":{"@context":"https:\/\/schema.org","@graph":[{"@type":"WebPage","@id":"https:\/\/hergersweiler.de\/?page_id=191","url":"https:\/\/hergersweiler.de\/?page_id=191","name":"Festakt - Gemeinde Hergersweiler","isPartOf":{"@id":"https:\/\/hergersweiler.de\/#website"},"datePublished":"2016-12-30T12:52:17+00:00","dateModified":"2017-01-05T11:13:55+00:00","breadcrumb":{"@id":"https:\/\/hergersweiler.de\/?page_id=191#breadcrumb"},"inLanguage":"de","potentialAction":[{"@type":"ReadAction","target":["https:\/\/hergersweiler.de\/?page_id=191"]}]},{"@type":"BreadcrumbList","@id":"https:\/\/hergersweiler.de\/?page_id=191#breadcrumb","itemListElement":[{"@type":"ListItem","position":1,"name":"Startseite","item":"https:\/\/hergersweiler.de\/"},{"@type":"ListItem","position":2,"name":"B\u00fcrger &#038; Service","item":"https:\/\/hergersweiler.de\/?page_id=37"},{"@type":"ListItem","position":3,"name":"Historisches","item":"https:\/\/hergersweiler.de\/?page_id=187"},{"@type":"ListItem","position":4,"name":"700 Jahre","item":"https:\/\/hergersweiler.de\/?page_id=189"},{"@type":"ListItem","position":5,"name":"Festakt"}]},{"@type":"WebSite","@id":"https:\/\/hergersweiler.de\/#website","url":"https:\/\/hergersweiler.de\/","name":"Gemeinde Hergersweiler","description":"","potentialAction":[{"@type":"SearchAction","target":{"@type":"EntryPoint","urlTemplate":"https:\/\/hergersweiler.de\/?s={search_term_string}"},"query-input":{"@type":"PropertyValueSpecification","valueRequired":true,"valueName":"search_term_string"}}],"inLanguage":"de"}]}},"jetpack_sharing_enabled":true,"_links":{"self":[{"href":"https:\/\/hergersweiler.de\/index.php?rest_route=\/wp\/v2\/pages\/191","targetHints":{"allow":["GET"]}}],"collection":[{"href":"https:\/\/hergersweiler.de\/index.php?rest_route=\/wp\/v2\/pages"}],"about":[{"href":"https:\/\/hergersweiler.de\/index.php?rest_route=\/wp\/v2\/types\/page"}],"author":[{"embeddable":true,"href":"https:\/\/hergersweiler.de\/index.php?rest_route=\/wp\/v2\/users\/1"}],"replies":[{"embeddable":true,"href":"https:\/\/hergersweiler.de\/index.php?rest_route=%2Fwp%2Fv2%2Fcomments&post=191"}],"version-history":[{"count":0,"href":"https:\/\/hergersweiler.de\/index.php?rest_route=\/wp\/v2\/pages\/191\/revisions"}],"up":[{"embeddable":true,"href":"https:\/\/hergersweiler.de\/index.php?rest_route=\/wp\/v2\/pages\/189"}],"wp:attachment":[{"href":"https:\/\/hergersweiler.de\/index.php?rest_route=%2Fwp%2Fv2%2Fmedia&parent=191"}],"curies":[{"name":"wp","href":"https:\/\/api.w.org\/{rel}","templated":true}]}}